{"id":6166,"date":"2022-01-26T12:57:10","date_gmt":"2022-01-26T12:57:10","guid":{"rendered":"https:\/\/www.crazymama.net\/Testisaitit\/Testisamu\/aktuellt-3\/"},"modified":"2022-01-26T12:57:10","modified_gmt":"2022-01-26T12:57:10","slug":"aktuellt-3","status":"publish","type":"page","link":"https:\/\/www.samu.fi\/sv\/aktuellt-3\/","title":{"rendered":"Aktuellt"},"content":{"rendered":"<div class=\"gridwrapper\">\r\n<div class=\"masonry\"><div class=\"griditem\"><a href=\"https:\/\/www.samu.fi\/sv\/samus-kontor-och-kundtjansttelefon-stangt-22-4-2026\/\" title=\"SAMUs kontor och kundtj\u00e4nsttelefon st\u00e4ngt 22.4.2026\"><\/a>\r\n<h3><a href=\"https:\/\/www.samu.fi\/sv\/samus-kontor-och-kundtjansttelefon-stangt-22-4-2026\/\" title=\"SAMUs kontor och kundtj\u00e4nsttelefon st\u00e4ngt 22.4.2026\">SAMUs kontor och kundtj\u00e4nsttelefon st\u00e4ngt 22.4.2026<\/a><\/h3>\r\n<div class=\"post_block_style1_meta\">\r\n                \t<span><a href=\"https:\/\/www.samu.fi\/sv\/author\/mattia_hallinta\/\"><i class=\"fa fa-user fa-lg\"><\/i> SAMU.<\/a><\/span><span><i class=\"fa fa-calendar\"><\/i>\r\napril 20, 2026<\/span>\r\n                <\/div><p>SAMU:s kontor och kundtj\u00e4nsttelefon \u00e4r st\u00e4ngda onsdagen den 22 april 2026 p\u00e5 grund av ett m\u00f6te from och med klo 11. Vi beklagar eventuella&hellip;<\/p><a class=\"sktmore\" href=\"https:\/\/www.samu.fi\/sv\/samus-kontor-och-kundtjansttelefon-stangt-22-4-2026\/\"><\/a><\/div><div class=\"griditem\"><a href=\"https:\/\/www.samu.fi\/sv\/samus-kundservice-och-telefon-ar-stangda-den-22-23-12-2025-samt-den-2-1-och-5-1-2026\/\" title=\"SAMUs kundservice och telefon \u00e4r st\u00e4ngda den 22\u201323.12.2025 samt den 2.1 och 5.1.2026.\"><\/a>\r\n<h3><a href=\"https:\/\/www.samu.fi\/sv\/samus-kundservice-och-telefon-ar-stangda-den-22-23-12-2025-samt-den-2-1-och-5-1-2026\/\" title=\"SAMUs kundservice och telefon \u00e4r st\u00e4ngda den 22\u201323.12.2025 samt den 2.1 och 5.1.2026.\">SAMUs kundservice och telefon \u00e4r st\u00e4ngda den 22\u201323.12.2025 samt den 2.1 och 5.1.2026.<\/a><\/h3>\r\n<div class=\"post_block_style1_meta\">\r\n                \t<span><a href=\"https:\/\/www.samu.fi\/sv\/author\/mattia_hallinta\/\"><i class=\"fa fa-user fa-lg\"><\/i> SAMU.<\/a><\/span><span><i class=\"fa fa-calendar\"><\/i>\r\ndecember 19, 2025<\/span>\r\n                <\/div><p>SAMUs kundservice och telefon \u00e4r st\u00e4ngda under semesterperioden den 22\u201323.12.2025 samt den 2.1 och 5.1.2026. Vi ber om urs\u00e4kt f\u00f6r eventuella ol\u00e4genheter och \u00f6nskar&hellip;<\/p><a class=\"sktmore\" href=\"https:\/\/www.samu.fi\/sv\/samus-kundservice-och-telefon-ar-stangda-den-22-23-12-2025-samt-den-2-1-och-5-1-2026\/\"><\/a><\/div><div class=\"griditem\"><a href=\"https:\/\/www.samu.fi\/sv\/studiestodsarenden-overfors-till-samu-fran-och-med-1-1-2026\/\" title=\"Studiest\u00f6ds\u00e4renden \u00f6verf\u00f6rs till SAMU fr\u00e5n och med 1.1.2026\"><\/a>\r\n<h3><a href=\"https:\/\/www.samu.fi\/sv\/studiestodsarenden-overfors-till-samu-fran-och-med-1-1-2026\/\" title=\"Studiest\u00f6ds\u00e4renden \u00f6verf\u00f6rs till SAMU fr\u00e5n och med 1.1.2026\">Studiest\u00f6ds\u00e4renden \u00f6verf\u00f6rs till SAMU fr\u00e5n och med 1.1.2026<\/a><\/h3>\r\n<div class=\"post_block_style1_meta\">\r\n                \t<span><a href=\"https:\/\/www.samu.fi\/sv\/author\/mattia_hallinta\/\"><i class=\"fa fa-user fa-lg\"><\/i> SAMU.<\/a><\/span><span><i class=\"fa fa-calendar\"><\/i>\r\ndecember 8, 2025<\/span>\r\n                <\/div><p>Riksdagen godk\u00e4nde den 14.11. regeringens proposition RP 80\/2025, enligt vilken besv\u00e4rsn\u00e4mnden f\u00f6r studiest\u00f6d Optum fusioneras med SAMU fr\u00e5n och med 1.1.2026. Lagen stadf\u00e4sts senare&hellip;<\/p><a class=\"sktmore\" href=\"https:\/\/www.samu.fi\/sv\/studiestodsarenden-overfors-till-samu-fran-och-med-1-1-2026\/\"><\/a><\/div><div class=\"griditem\"><a href=\"https:\/\/www.samu.fi\/sv\/samus-kontor-och-kundtjansttelefon-stangt-1-10-2025\/\" title=\"SAMUs kontor och kundtj\u00e4nsttelefon st\u00e4ngt 1.10.2025\"><\/a>\r\n<h3><a href=\"https:\/\/www.samu.fi\/sv\/samus-kontor-och-kundtjansttelefon-stangt-1-10-2025\/\" title=\"SAMUs kontor och kundtj\u00e4nsttelefon st\u00e4ngt 1.10.2025\">SAMUs kontor och kundtj\u00e4nsttelefon st\u00e4ngt 1.10.2025<\/a><\/h3>\r\n<div class=\"post_block_style1_meta\">\r\n                \t<span><a href=\"https:\/\/www.samu.fi\/sv\/author\/mattia_hallinta\/\"><i class=\"fa fa-user fa-lg\"><\/i> SAMU.<\/a><\/span><span><i class=\"fa fa-calendar\"><\/i>\r\nseptember 26, 2025<\/span>\r\n                <\/div><p>SAMU:s kontor och kundtj\u00e4nsttelefon \u00e4r st\u00e4ngda onsdagen den 1 oktober 2025 p\u00e5 grund av ett m\u00f6te. Vi beklagar eventuella st\u00f6rningar.<\/p><a class=\"sktmore\" href=\"https:\/\/www.samu.fi\/sv\/samus-kontor-och-kundtjansttelefon-stangt-1-10-2025\/\"><\/a><\/div><div class=\"griditem\"><a href=\"https:\/\/www.samu.fi\/sv\/kundservicetider-pa-sommaren-2025\/\" title=\"Kundservicetider p\u00e5 sommaren 2025\"><\/a>\r\n<h3><a href=\"https:\/\/www.samu.fi\/sv\/kundservicetider-pa-sommaren-2025\/\" title=\"Kundservicetider p\u00e5 sommaren 2025\">Kundservicetider p\u00e5 sommaren 2025<\/a><\/h3>\r\n<div class=\"post_block_style1_meta\">\r\n                \t<span><a href=\"https:\/\/www.samu.fi\/sv\/author\/mattia_hallinta\/\"><i class=\"fa fa-user fa-lg\"><\/i> SAMU.<\/a><\/span><span><i class=\"fa fa-calendar\"><\/i>\r\njuni 17, 2025<\/span>\r\n                <\/div><p>SAMUs kundservice telefon \u00e4r \u00f6ppen fr\u00e5n och med den 23 juni till den 8 augusti, vardagar klockan 9\u201312 och 13\u201315. Dokument kan l\u00e4mnas in&hellip;<\/p><a class=\"sktmore\" href=\"https:\/\/www.samu.fi\/sv\/kundservicetider-pa-sommaren-2025\/\"><\/a><\/div><div class=\"griditem\"><a href=\"https:\/\/www.samu.fi\/sv\/samus-kundservice-telefon-och-kontor-ar-stangda-den-5-6-2025-klockan-8-13\/\" title=\"SAMUs kundservice telefon och kontor \u00e4r st\u00e4ngda den 5.6.2025 klockan 8-13.\"><\/a>\r\n<h3><a href=\"https:\/\/www.samu.fi\/sv\/samus-kundservice-telefon-och-kontor-ar-stangda-den-5-6-2025-klockan-8-13\/\" title=\"SAMUs kundservice telefon och kontor \u00e4r st\u00e4ngda den 5.6.2025 klockan 8-13.\">SAMUs kundservice telefon och kontor \u00e4r st\u00e4ngda den 5.6.2025 klockan 8-13.<\/a><\/h3>\r\n<div class=\"post_block_style1_meta\">\r\n                \t<span><a href=\"https:\/\/www.samu.fi\/sv\/author\/mattia_hallinta\/\"><i class=\"fa fa-user fa-lg\"><\/i> SAMU.<\/a><\/span><span><i class=\"fa fa-calendar\"><\/i>\r\njuni 3, 2025<\/span>\r\n                <\/div><p>SAMUs kundservice telefon och kontor \u00e4r st\u00e4ngda p\u00e5 grund av m\u00f6te p\u00e5 torsdagen den 5.6.2025 klockan 8-13. Vi ber om urs\u00e4kt f\u00f6r eventuella ol\u00e4genheter.<\/p><a class=\"sktmore\" href=\"https:\/\/www.samu.fi\/sv\/samus-kundservice-telefon-och-kontor-ar-stangda-den-5-6-2025-klockan-8-13\/\"><\/a><\/div><div class=\"griditem\"><a href=\"https:\/\/www.samu.fi\/sv\/samus-kundservice-telefon-och-kontor-ar-stangda-den-18-12-23-12-och-27-12-2024\/\" title=\"SAMUs kundservice, telefon och kontor \u00e4r st\u00e4ngda den 18.12., 23.12. och 27.12.2024\"><\/a>\r\n<h3><a href=\"https:\/\/www.samu.fi\/sv\/samus-kundservice-telefon-och-kontor-ar-stangda-den-18-12-23-12-och-27-12-2024\/\" title=\"SAMUs kundservice, telefon och kontor \u00e4r st\u00e4ngda den 18.12., 23.12. och 27.12.2024\">SAMUs kundservice, telefon och kontor \u00e4r st\u00e4ngda den 18.12., 23.12. och 27.12.2024<\/a><\/h3>\r\n<div class=\"post_block_style1_meta\">\r\n                \t<span><a href=\"https:\/\/www.samu.fi\/sv\/author\/mattia_hallinta\/\"><i class=\"fa fa-user fa-lg\"><\/i> SAMU.<\/a><\/span><span><i class=\"fa fa-calendar\"><\/i>\r\ndecember 17, 2024<\/span>\r\n                <\/div><p>SAMUs kundservice telefon och kontor \u00e4r st\u00e4ngda den 18.12., 23.12. ja 27.12.2024 SAMUs kundservice, telefon och kontor \u00e4r st\u00e4ngda p\u00e5 grund av m\u00f6te och&hellip;<\/p><a class=\"sktmore\" href=\"https:\/\/www.samu.fi\/sv\/samus-kundservice-telefon-och-kontor-ar-stangda-den-18-12-23-12-och-27-12-2024\/\"><\/a><\/div><div class=\"griditem\"><a href=\"https:\/\/www.samu.fi\/sv\/kundservicetider-1-7-16-8-2024\/\" title=\"Kundservicetider 1.7.-16.8.2024\"><\/a>\r\n<h3><a href=\"https:\/\/www.samu.fi\/sv\/kundservicetider-1-7-16-8-2024\/\" title=\"Kundservicetider 1.7.-16.8.2024\">Kundservicetider 1.7.-16.8.2024<\/a><\/h3>\r\n<div class=\"post_block_style1_meta\">\r\n                \t<span><a href=\"https:\/\/www.samu.fi\/sv\/author\/mattia_hallinta\/\"><i class=\"fa fa-user fa-lg\"><\/i> SAMU.<\/a><\/span><span><i class=\"fa fa-calendar\"><\/i>\r\njuni 17, 2024<\/span>\r\n                <\/div><p>SAMUs kundservice telefon \u00e4r \u00f6ppet fr\u00e5n och med den 1. juli till 16. augusti vardagar klockan 9 -12 och klockan 13-15.<\/p><a class=\"sktmore\" href=\"https:\/\/www.samu.fi\/sv\/kundservicetider-1-7-16-8-2024\/\"><\/a><\/div><\/div><\/div>\n    <!-- sktbuilder starter --><script type=\"text\/javascript\" src=\"https:\/\/www.samu.fi\/wp-content\/plugins\/skt-builder\/sktbuilder\/sktbuilder-frontend-starter.js\"><\/script><script type=\"text\/javascript\" src=\"https:\/\/www.samu.fi\/wp-content\/plugins\/skt-builder\/sktbuilder-wordpress-driver.js\"><\/script><script type=\"text\/javascript\"> var starter = new SktbuilderStarter({\"mode\": \"prod\", \"skip\":[\"jquery\",\"underscore\",\"backbone\"],\"sktbuilderUrl\": \"https:\/\/www.samu.fi\/wp-content\/plugins\/skt-builder\/sktbuilder\/\", \"driver\": new SktbuilderWordpressDriver({\"ajaxUrl\": \"https:\/\/www.samu.fi\/wp-admin\/admin-ajax.php\", \"iframeUrl\": \"https:\/\/www.samu.fi\/sv\/kundservicetider-1-7-16-8-2024\/?sktbuilder=true\", \"pageId\": 7376, \"pages\": [{\"title\":\"Ajankohtaista\",\"url\":\"https:\\\/\\\/www.samu.fi\\\/wp-admin\\\/post.php?post=283&action=sktbuilder\"},{\"title\":\"Etusivu\",\"url\":\"https:\\\/\\\/www.samu.fi\\\/wp-admin\\\/post.php?post=3881&action=sktbuilder\"},{\"title\":\"Muutoksenhakijalle\",\"url\":\"https:\\\/\\\/www.samu.fi\\\/wp-admin\\\/post.php?post=6056&action=sktbuilder\"}], \"page\": \"Kundservicetider 1.7.-16.8.2024\" }) });<\/script><!-- end sktbuilder starter -->","protected":false},"excerpt":{"rendered":"","protected":false},"author":1,"featured_media":5278,"parent":0,"menu_order":0,"comment_status":"closed","ping_status":"closed","template":"templates\/fullwidth-blog_template.php","meta":{"footnotes":""},"class_list":["post-6166","page","type-page","status-publish","has-post-thumbnail","hentry"],"_links":{"self":[{"href":"https:\/\/www.samu.fi\/sv\/wp-json\/wp\/v2\/pages\/6166","targetHints":{"allow":["GET"]}}],"collection":[{"href":"https:\/\/www.samu.fi\/sv\/wp-json\/wp\/v2\/pages"}],"about":[{"href":"https:\/\/www.samu.fi\/sv\/wp-json\/wp\/v2\/types\/page"}],"author":[{"embeddable":true,"href":"https:\/\/www.samu.fi\/sv\/wp-json\/wp\/v2\/users\/1"}],"replies":[{"embeddable":true,"href":"https:\/\/www.samu.fi\/sv\/wp-json\/wp\/v2\/comments?post=6166"}],"version-history":[{"count":0,"href":"https:\/\/www.samu.fi\/sv\/wp-json\/wp\/v2\/pages\/6166\/revisions"}],"wp:featuredmedia":[{"embeddable":true,"href":"https:\/\/www.samu.fi\/sv\/wp-json\/wp\/v2\/media\/5278"}],"wp:attachment":[{"href":"https:\/\/www.samu.fi\/sv\/wp-json\/wp\/v2\/media?parent=6166"}],"curies":[{"name":"wp","href":"https:\/\/api.w.org\/{rel}","templated":true}]}}